{"id":807,"date":"2020-08-24T15:56:04","date_gmt":"2020-08-24T15:56:04","guid":{"rendered":"https:\/\/alianzanorte.org\/?page_id=807"},"modified":"2020-08-26T14:27:31","modified_gmt":"2020-08-26T14:27:31","slug":"cuidado-pastoral","status":"publish","type":"page","link":"https:\/\/alianzanorte.org\/index.php\/cuidado-pastoral\/","title":{"rendered":"Cuidado Pastoral"},"content":{"rendered":"<p>[et_pb_section fb_built=\u00bb1&#8243; fullwidth=\u00bbon\u00bb _builder_version=\u00bb4.5.7&#8243; _module_preset=\u00bbdefault\u00bb][et_pb_fullwidth_slider _builder_version=\u00bb4.5.7&#8243; _module_preset=\u00bbdefault\u00bb background_image=\u00bbhttps:\/\/alianzanorte.org\/wp-content\/uploads\/2020\/08\/banner-pastoral.jpg\u00bb][et_pb_slide heading=\u00bb#SomosFamiliaIAN\u00bb _builder_version=\u00bb4.5.7&#8243; _module_preset=\u00bbdefault\u00bb header_font=\u00bb|600|||||||\u00bb header_font_size=\u00bb60px\u00bb][\/et_pb_slide][\/et_pb_fullwidth_slider][\/et_pb_section][et_pb_section fb_built=\u00bb1&#8243; _builder_version=\u00bb4.5.7&#8243; _module_preset=\u00bbdefault\u00bb custom_padding=\u00bb||0px|||\u00bb][et_pb_row column_structure=\u00bb1_2,1_2&#8243; _builder_version=\u00bb4.5.7&#8243; _module_preset=\u00bbdefault\u00bb custom_padding=\u00bb28px|||||\u00bb][et_pb_column type=\u00bb1_2&#8243; _builder_version=\u00bb4.5.7&#8243; _module_preset=\u00bbdefault\u00bb][et_pb_image src=\u00bbhttps:\/\/alianzanorte.org\/wp-content\/uploads\/2020\/08\/discipulado.jpg\u00bb title_text=\u00bbdiscipulado\u00bb _builder_version=\u00bb4.5.7&#8243; _module_preset=\u00bbdefault\u00bb custom_margin=\u00bb1px||||false|false\u00bb custom_padding=\u00bb18px|||||\u00bb box_shadow_style=\u00bbpreset3&#8243; box_shadow_color=\u00bbrgba(0,0,0,0.72)\u00bb][\/et_pb_image][\/et_pb_column][et_pb_column type=\u00bb1_2&#8243; _builder_version=\u00bb4.5.7&#8243; _module_preset=\u00bbdefault\u00bb][et_pb_text _builder_version=\u00bb4.5.7&#8243; _module_preset=\u00bbdefault\u00bb text_font=\u00bb|800|||||||\u00bb text_text_color=\u00bb#ffc63f\u00bb text_font_size=\u00bb46px\u00bb text_line_height=\u00bb1em\u00bb text_font_tablet=\u00bb\u00bb text_font_phone=\u00bb\u00bb text_font_last_edited=\u00bbon|phone\u00bb]<\/p>\n<p>El Discipulado<\/p>\n<p>[\/et_pb_text][et_pb_text _builder_version=\u00bb4.5.7&#8243; _module_preset=\u00bbdefault\u00bb]<\/p>\n<p class=\"P-rrafo\">El discipulado cristiano es una relaci\u00f3n personal, basado en el modelo y ense\u00f1anza de Jes\u00fas a sus disc\u00edpulos. Es ense\u00f1ar la verdad y reproducir en cada persona el caracter de Jes\u00fas. Es una relaci\u00f3n muy cercana con Dios y con nuestra familia en Cristo, donde el amor es el ente regulador del proceso.<\/p>\n<p class=\"P-rrafo\">Formar un disc\u00edpulo es mostrarle a otro el secreto de caminar todo el d\u00eda con Cristo. El disc\u00edpulo es un creyente que refleja un constante crecimiento espiritual a la medida de la estatura de Cristo. La intenci\u00f3n del verdadero discipulado no es solamente que seamos disc\u00edpulos, sino adem\u00e1s que hagamos disc\u00edpulos.<\/p>\n<p class=\"P-rrafo\">Esto lo logramos a trav\u00e9s de Grupos de Discipulado repartidos por la ciudad. Cada grupo es como una familia, donde gobierna el amor y la unidad.<\/p>\n<p>[\/et_pb_text][\/et_pb_column][\/et_pb_row][\/et_pb_section][et_pb_section fb_built=\u00bb1&#8243; _builder_version=\u00bb4.5.7&#8243; _module_preset=\u00bbdefault\u00bb custom_padding=\u00bb||16px|||\u00bb][et_pb_row _builder_version=\u00bb4.5.7&#8243; _module_preset=\u00bbdefault\u00bb custom_margin=\u00bb-48px|auto||auto||\u00bb][et_pb_column type=\u00bb4_4&#8243; _builder_version=\u00bb4.5.7&#8243; _module_preset=\u00bbdefault\u00bb][et_pb_text _builder_version=\u00bb4.5.7&#8243; _module_preset=\u00bbdefault\u00bb text_font=\u00bb|600|||||||\u00bb text_text_color=\u00bb#002c46&#8243; text_font_size=\u00bb35px\u00bb]<\/p>\n<p>Cobertura Pastoral<\/p>\n<p>[\/et_pb_text][et_pb_text _builder_version=\u00bb4.5.7&#8243; _module_preset=\u00bbdefault\u00bb]<\/p>\n<p><span>La Iglesia Alianza Norte ha dise\u00f1ado la cobertura Pastoral de los diferentes discipulados de acuerdo a su necesidad y enfocados en\u00a0 4 \u00e1reas espec\u00edficas:<\/span><\/p>\n<p>[\/et_pb_text][\/et_pb_column][\/et_pb_row][\/et_pb_section][et_pb_section fb_built=\u00bb1&#8243; _builder_version=\u00bb4.5.7&#8243; _module_preset=\u00bbdefault\u00bb custom_padding=\u00bb0px||0px|||\u00bb][et_pb_row column_structure=\u00bb1_2,1_2&#8243; _builder_version=\u00bb4.5.7&#8243; _module_preset=\u00bbdefault\u00bb custom_margin=\u00bb-19px|auto||auto||\u00bb][et_pb_column type=\u00bb1_2&#8243; _builder_version=\u00bb4.5.7&#8243; _module_preset=\u00bbdefault\u00bb][et_pb_blurb title=\u00bbPastoral Infantil\u00bb image=\u00bbhttps:\/\/alianzanorte.org\/wp-content\/uploads\/2020\/08\/pastoral-ninos.jpg\u00bb icon_alignment=\u00bbleft\u00bb _builder_version=\u00bb4.5.7&#8243; _module_preset=\u00bbdefault\u00bb header_font=\u00bb|700|||||||\u00bb header_text_color=\u00bb#ffc23f\u00bb header_font_size=\u00bb28px\u00bb]<\/p>\n<p><span>Instruir a los peque\u00f1os para que crezcan integralmente sanos, como Jes\u00fas. Contamos con discipulados de:<\/span><\/p>\n<p><span>&#8211; Ni\u00f1os de 0 a 3 a\u00f1os<\/span><br \/> <span>&#8211; Ni\u00f1os de 4 a 11 a\u00f1os<\/span><\/p>\n<p>[\/et_pb_blurb][et_pb_blurb title=\u00bbPastoral Matrimonios\u00bb image=\u00bbhttps:\/\/alianzanorte.org\/wp-content\/uploads\/2020\/08\/pastoral-matrimonios.jpg\u00bb icon_alignment=\u00bbleft\u00bb _builder_version=\u00bb4.5.7&#8243; _module_preset=\u00bbdefault\u00bb header_font=\u00bb|700|||||||\u00bb header_text_color=\u00bb#ffc23f\u00bb header_font_size=\u00bb28px\u00bb]<\/p>\n<p class=\"P-rrafo\">Atender las necesidades de los matrimonios, para que puedan vivir el modelo de Cristo. Contamos con discipulados de:<\/p>\n<p class=\"P-rrafo\">&#8211; Parejas<br \/> &#8211; Matrimonios para toda la vida<br \/> &#8211; Celebra tu recuperaci\u00f3n<\/p>\n<p>[\/et_pb_blurb][\/et_pb_column][et_pb_column type=\u00bb1_2&#8243; _builder_version=\u00bb4.5.7&#8243; _module_preset=\u00bbdefault\u00bb][et_pb_blurb title=\u00bbPastoral Juvenil\u00bb image=\u00bbhttps:\/\/alianzanorte.org\/wp-content\/uploads\/2020\/08\/pastoral-jovenes.jpg\u00bb icon_alignment=\u00bbleft\u00bb _builder_version=\u00bb4.5.7&#8243; _module_preset=\u00bbdefault\u00bb header_font=\u00bb|700|||||||\u00bb header_text_color=\u00bb#ffc23f\u00bb header_font_size=\u00bb28px\u00bb custom_margin=\u00bb||42px|||\u00bb]<\/p>\n<p><span>Formar j\u00f3venes firmes en su fe, viviendo un cristianismo genuino. Aline\u00e1ndonos a la misi\u00f3n y visi\u00f3n de nuestra iglesia, buscamos maneras creativas de poder llegar a la juventud cristiana y sobretodo a quienes no conocen todav\u00eda del infinito amor de Dios.<\/span><\/p>\n<p>[\/et_pb_blurb][et_pb_blurb title=\u00bbPastoral Familias\u00bb image=\u00bbhttps:\/\/alianzanorte.org\/wp-content\/uploads\/2020\/08\/pastoral-familias.jpg\u00bb icon_alignment=\u00bbleft\u00bb _builder_version=\u00bb4.5.7&#8243; _module_preset=\u00bbdefault\u00bb header_font=\u00bb|700|||||||\u00bb header_text_color=\u00bb#ffc23f\u00bb header_font_size=\u00bb28px\u00bb]<\/p>\n<p class=\"P-rrafo\">Cuidar de los hogares, para formar familias s\u00f3lidas en Cristo. Contamos con discipulados de:<\/p>\n<p class=\"P-rrafo\">&#8211; Familias<br \/> &#8211; Hombres<br \/> &#8211; Mujeres<br \/> &#8211; Edad de oro<\/p>\n<p>[\/et_pb_blurb][\/et_pb_column][\/et_pb_row][et_pb_row _builder_version=\u00bb4.5.7&#8243; _module_preset=\u00bbdefault\u00bb custom_margin=\u00bb-20px|auto||auto||\u00bb][et_pb_column type=\u00bb4_4&#8243; _builder_version=\u00bb4.5.7&#8243; _module_preset=\u00bbdefault\u00bb][et_pb_button button_text=\u00bbDonar\u00bb _builder_version=\u00bb4.5.6&#8243; _module_preset=\u00bbdefault\u00bb custom_button=\u00bbon\u00bb button_text_color=\u00bb#ffffff\u00bb button_bg_color=\u00bb#0c71c3&#8243; button_border_color=\u00bb#edf000&#8243; button_border_radius=\u00bb46px\u00bb button_icon=\u00bb%%257%%\u00bb positioning=\u00bbfixed\u00bb position_origin_f=\u00bbtop_right\u00bb vertical_offset=\u00bb109px\u00bb horizontal_offset=\u00bb16px\u00bb z_index=\u00bb208&#8243; vertical_offset_tablet=\u00bb\u00bb vertical_offset_phone=\u00bb91px\u00bb vertical_offset_last_edited=\u00bbon|phone\u00bb position_origin_a_tablet=\u00bb\u00bb position_origin_a_phone=\u00bb\u00bb position_origin_a_last_edited=\u00bbon|phone\u00bb position_origin_f_tablet=\u00bb\u00bb position_origin_f_phone=\u00bb\u00bb position_origin_f_last_edited=\u00bbon|phone\u00bb position_origin_r_tablet=\u00bb\u00bb position_origin_r_phone=\u00bb\u00bb position_origin_r_last_edited=\u00bbon|phone\u00bb button_text_size_tablet=\u00bb\u00bb button_text_size_phone=\u00bb14px\u00bb button_text_size_last_edited=\u00bbon|tablet\u00bb positioning_tablet=\u00bb\u00bb positioning_phone=\u00bb\u00bb positioning_last_edited=\u00bbon|phone\u00bb global_module=\u00bb233&#8243;][\/et_pb_button][\/et_pb_column][\/et_pb_row][\/et_pb_section][et_pb_section fb_built=\u00bb1&#8243; _builder_version=\u00bb4.5.7&#8243; _module_preset=\u00bbdefault\u00bb background_color=\u00bbrgba(0,0,0,0.1)\u00bb custom_padding=\u00bb73px|||||\u00bb][et_pb_row column_structure=\u00bb2_5,3_5&#8243; _builder_version=\u00bb4.5.1&#8243; _module_preset=\u00bbdefault\u00bb][et_pb_column type=\u00bb2_5&#8243; _builder_version=\u00bb4.5.1&#8243; _module_preset=\u00bbdefault\u00bb][et_pb_image src=\u00bbhttps:\/\/alianzanorte.org\/wp-content\/uploads\/2020\/08\/computadora.png\u00bb title_text=\u00bbcomputadora\u00bb _builder_version=\u00bb4.5.1&#8243; _module_preset=\u00bbdefault\u00bb animation_style=\u00bbslide\u00bb animation_direction=\u00bbleft\u00bb][\/et_pb_image][\/et_pb_column][et_pb_column type=\u00bb3_5&#8243; _builder_version=\u00bb4.5.1&#8243; _module_preset=\u00bbdefault\u00bb][et_pb_text _builder_version=\u00bb4.5.1&#8243; _module_preset=\u00bbdefault\u00bb text_font=\u00bb|700|||||||\u00bb text_text_color=\u00bb#002C46&#8243; text_font_size=\u00bb53px\u00bb text_line_height=\u00bb1.1em\u00bb]<\/p>\n<p>S\u00edguenos en nuestras redes sociales<\/p>\n<p>[\/et_pb_text][et_pb_social_media_follow use_icon_font_size=\u00bbon\u00bb icon_font_size=\u00bb30px\u00bb _builder_version=\u00bb4.5.1&#8243; text_orientation=\u00bbleft\u00bb animation_style=\u00bbslide\u00bb animation_direction=\u00bbright\u00bb border_radii=\u00bbon|0px|0px|0px|0px\u00bb][et_pb_social_media_follow_network social_network=\u00bbfacebook\u00bb icon_color=\u00bb#ffffff\u00bb use_icon_font_size=\u00bbon\u00bb icon_font_size=\u00bb30px\u00bb _builder_version=\u00bb4.5.1&#8243; background_color=\u00bb#4460a0&#8243; background_enable_color=\u00bbon\u00bb custom_margin=\u00bb|6px||6px||true\u00bb custom_padding=\u00bb10px|10px|10px|10px|true|true\u00bb follow_button=\u00bboff\u00bb url_new_window=\u00bbon\u00bb]facebook[\/et_pb_social_media_follow_network][et_pb_social_media_follow_network social_network=\u00bbinstagram\u00bb use_icon_font_size=\u00bbon\u00bb icon_font_size=\u00bb30px\u00bb _builder_version=\u00bb4.5.1&#8243; background_color=\u00bb#000000&#8243; background_enable_color=\u00bbon\u00bb custom_margin=\u00bb|6px||6px||true\u00bb custom_padding=\u00bb10px|10px|10px|10px|true|true\u00bb follow_button=\u00bboff\u00bb url_new_window=\u00bbon\u00bb]instagram[\/et_pb_social_media_follow_network][et_pb_social_media_follow_network social_network=\u00bbyoutube\u00bb _builder_version=\u00bb4.5.1&#8243; background_color=\u00bb#ce1312&#8243; background_enable_color=\u00bbon\u00bb custom_margin=\u00bb|6px||6px||true\u00bb custom_padding=\u00bb10px|10px|10px|10px|true|true\u00bb follow_button=\u00bboff\u00bb url_new_window=\u00bbon\u00bb]youtube[\/et_pb_social_media_follow_network][\/et_pb_social_media_follow][\/et_pb_column][\/et_pb_row][\/et_pb_section]<\/p>\n","protected":false},"excerpt":{"rendered":"<p>El DiscipuladoEl discipulado cristiano es una relaci\u00f3n personal, basado en el modelo y ense\u00f1anza de Jes\u00fas a sus disc\u00edpulos. Es ense\u00f1ar la verdad y reproducir en cada persona el caracter de Jes\u00fas. Es una relaci\u00f3n muy cercana con Dios y con nuestra familia en Cristo, donde el amor es el ente regulador del proceso. Formar [&hellip;]<\/p>\n","protected":false},"author":1,"featured_media":0,"parent":0,"menu_order":0,"comment_status":"closed","ping_status":"closed","template":"","meta":{"_et_pb_use_builder":"on","_et_pb_old_content":"","_et_gb_content_width":"","footnotes":""},"class_list":["post-807","page","type-page","status-publish","hentry"],"_links":{"self":[{"href":"https:\/\/alianzanorte.org\/index.php\/wp-json\/wp\/v2\/pages\/807","targetHints":{"allow":["GET"]}}],"collection":[{"href":"https:\/\/alianzanorte.org\/index.php\/wp-json\/wp\/v2\/pages"}],"about":[{"href":"https:\/\/alianzanorte.org\/index.php\/wp-json\/wp\/v2\/types\/page"}],"author":[{"embeddable":true,"href":"https:\/\/alianzanorte.org\/index.php\/wp-json\/wp\/v2\/users\/1"}],"replies":[{"embeddable":true,"href":"https:\/\/alianzanorte.org\/index.php\/wp-json\/wp\/v2\/comments?post=807"}],"version-history":[{"count":11,"href":"https:\/\/alianzanorte.org\/index.php\/wp-json\/wp\/v2\/pages\/807\/revisions"}],"predecessor-version":[{"id":866,"href":"https:\/\/alianzanorte.org\/index.php\/wp-json\/wp\/v2\/pages\/807\/revisions\/866"}],"wp:attachment":[{"href":"https:\/\/alianzanorte.org\/index.php\/wp-json\/wp\/v2\/media?parent=807"}],"curies":[{"name":"wp","href":"https:\/\/api.w.org\/{rel}","templated":true}]}}