{"id":549,"date":"2020-08-14T14:53:12","date_gmt":"2020-08-14T14:53:12","guid":{"rendered":"https:\/\/alianzanorte.org\/?page_id=549"},"modified":"2026-02-22T18:53:18","modified_gmt":"2026-02-22T23:53:18","slug":"iglesia-infantil","status":"publish","type":"page","link":"https:\/\/alianzanorte.org\/index.php\/iglesia-infantil\/","title":{"rendered":"Horarios"},"content":{"rendered":"<p>[et_pb_section fb_built=\u00bb1&#8243; _builder_version=\u00bb4.16&#8243; _module_preset=\u00bbdefault\u00bb background_image=\u00bbhttps:\/\/alianzanorte.org\/wp-content\/uploads\/2020\/08\/banner-iglesia-infantil-2.jpg\u00bb parallax=\u00bbon\u00bb global_colors_info=\u00bb{}\u00bb][et_pb_row column_structure=\u00bb1_2,1_2&#8243; _builder_version=\u00bb4.16&#8243; _module_preset=\u00bbdefault\u00bb global_colors_info=\u00bb{}\u00bb][et_pb_column type=\u00bb1_2&#8243; _builder_version=\u00bb4.16&#8243; _module_preset=\u00bbdefault\u00bb global_colors_info=\u00bb{}\u00bb][\/et_pb_column][et_pb_column type=\u00bb1_2&#8243; _builder_version=\u00bb4.16&#8243; _module_preset=\u00bbdefault\u00bb global_colors_info=\u00bb{}\u00bb][et_pb_image src=\u00bbhttps:\/\/alianzanorte.org\/wp-content\/uploads\/2020\/08\/logo-iglesia-infantil.png\u00bb title_text=\u00bblogo-iglesia-infantil\u00bb align=\u00bbcenter\u00bb _builder_version=\u00bb4.16&#8243; _module_preset=\u00bbdefault\u00bb transform_scale_tablet=\u00bb\u00bb transform_scale_phone=\u00bb84%|84%\u00bb transform_scale_last_edited=\u00bbon|phone\u00bb transform_translate_tablet=\u00bb\u00bb transform_translate_phone=\u00bb\u00bb transform_translate_last_edited=\u00bbon|phone\u00bb transform_rotate_tablet=\u00bb\u00bb transform_rotate_phone=\u00bb\u00bb transform_rotate_last_edited=\u00bbon|phone\u00bb transform_skew_tablet=\u00bb\u00bb transform_skew_phone=\u00bb\u00bb transform_skew_last_edited=\u00bbon|phone\u00bb transform_origin_tablet=\u00bb\u00bb transform_origin_phone=\u00bb\u00bb transform_origin_last_edited=\u00bbon|phone\u00bb transform_styles_last_edited=\u00bbon|phone\u00bb animation_direction=\u00bbright\u00bb scroll_vertical_motion_enable=\u00bbon\u00bb scroll_vertical_motion=\u00bb0|68|68|100|4|0|-4&#8243; scroll_fade_enable=\u00bbon\u00bb transform_styles_tablet=\u00bb\u00bb transform_styles_phone=\u00bb\u00bb global_colors_info=\u00bb{}\u00bb][\/et_pb_image][\/et_pb_column][\/et_pb_row][\/et_pb_section][et_pb_section fb_built=\u00bb1&#8243; specialty=\u00bbon\u00bb _builder_version=\u00bb4.16&#8243; _module_preset=\u00bbdefault\u00bb custom_padding=\u00bb||0px|||\u00bb global_colors_info=\u00bb{}\u00bb][et_pb_column type=\u00bb1_2&#8243; specialty_columns=\u00bb2&#8243; _builder_version=\u00bb4.16&#8243; custom_padding=\u00bb|||\u00bb global_colors_info=\u00bb{}\u00bb custom_padding__hover=\u00bb|||\u00bb][et_pb_row_inner _builder_version=\u00bb4.16&#8243; _module_preset=\u00bbdefault\u00bb global_colors_info=\u00bb{}\u00bb][et_pb_column_inner saved_specialty_column_type=\u00bb1_2&#8243; _builder_version=\u00bb4.16&#8243; _module_preset=\u00bbdefault\u00bb global_colors_info=\u00bb{}\u00bb][et_pb_text content_tablet=\u00bb\u00bb content_phone=\u00bb<\/p>\n<p style=%22text-align: center;%22>Iglesia Infantil<\/p>\n<p>\u00bb content_last_edited=\u00bbon|phone\u00bb _builder_version=\u00bb4.16&#8243; _module_preset=\u00bbdefault\u00bb text_font=\u00bbAnnie Use Your Telescope|700|||||||\u00bb text_text_color=\u00bb#ea0088&#8243; text_font_size=\u00bb56px\u00bb global_colors_info=\u00bb{}\u00bb]<\/p>\n<p>Iglesia Infantil<\/p>\n<p>[\/et_pb_text][et_pb_text _builder_version=\u00bb4.16&#8243; _module_preset=\u00bbdefault\u00bb text_font=\u00bb|600|||||||\u00bb text_text_color=\u00bbgcid-5c020fc9-e843-4f2e-8b35-05e08e093602&#8243; text_font_size=\u00bb17px\u00bb global_colors_info=\u00bb{%22gcid-5c020fc9-e843-4f2e-8b35-05e08e093602%22:%91%22text_text_color%22%93}\u00bb]<\/p>\n<p>La iglesia Infantil de la IAN, tiene como visi\u00f3n, formar en los ni\u00f1os y ni\u00f1as el car\u00e1cter de Cristo en sus vidas, permitiendo que cada ni\u00f1o y ni\u00f1a reciban la salvaci\u00f3n por medio de Jesucristo y more el Esp\u00edritu Santo en sus vidas, dando fruto, aplicando las ense\u00f1anzas de la Palabra de Dios, para que luego lleven el mensaje de salvaci\u00f3n.<\/p>\n<p>[\/et_pb_text][\/et_pb_column_inner][\/et_pb_row_inner][et_pb_row_inner column_structure=\u00bb1_2,1_2&#8243; _builder_version=\u00bb4.16&#8243; _module_preset=\u00bbdefault\u00bb animation_style=\u00bbslide\u00bb animation_direction=\u00bbleft\u00bb global_colors_info=\u00bb{}\u00bb][et_pb_column_inner type=\u00bb1_2&#8243; saved_specialty_column_type=\u00bb1_2&#8243; _builder_version=\u00bb4.16&#8243; _module_preset=\u00bbdefault\u00bb global_colors_info=\u00bb{}\u00bb][et_pb_image src=\u00bbhttps:\/\/alianzanorte.org\/wp-content\/uploads\/2020\/08\/logo-ian-chiki.png\u00bb title_text=\u00bblogo-ian-chiki\u00bb align=\u00bbcenter\u00bb _builder_version=\u00bb4.16&#8243; _module_preset=\u00bbdefault\u00bb width=\u00bb70%\u00bb global_colors_info=\u00bb{}\u00bb][\/et_pb_image][\/et_pb_column_inner][et_pb_column_inner type=\u00bb1_2&#8243; saved_specialty_column_type=\u00bb1_2&#8243; _builder_version=\u00bb4.16&#8243; _module_preset=\u00bbdefault\u00bb global_colors_info=\u00bb{}\u00bb][et_pb_text content_tablet=\u00bb\u00bb content_phone=\u00bb<\/p>\n<p style=%22text-align: center;%22>1 A 3 A\u00d1OS<\/p>\n<p>\u00bb content_last_edited=\u00bbon|phone\u00bb _builder_version=\u00bb4.16&#8243; _module_preset=\u00bbdefault\u00bb text_font=\u00bbAnnie Use Your Telescope|700|||||||\u00bb text_text_color=\u00bb#e09900&#8243; text_font_size=\u00bb40px\u00bb text_line_height=\u00bb1em\u00bb custom_margin=\u00bb44px|||-29px|false|false\u00bb custom_margin_tablet=\u00bb\u00bb custom_margin_phone=\u00bb-2px|||0px|false|false\u00bb custom_margin_last_edited=\u00bbon|phone\u00bb global_colors_info=\u00bb{}\u00bb]3 meses a 3 a\u00f1os y 11 meses[\/et_pb_text][\/et_pb_column_inner][\/et_pb_row_inner][et_pb_row_inner column_structure=\u00bb1_2,1_2&#8243; _builder_version=\u00bb4.16&#8243; _module_preset=\u00bbdefault\u00bb animation_style=\u00bbslide\u00bb animation_direction=\u00bbleft\u00bb global_colors_info=\u00bb{}\u00bb][et_pb_column_inner type=\u00bb1_2&#8243; saved_specialty_column_type=\u00bb1_2&#8243; _builder_version=\u00bb4.16&#8243; _module_preset=\u00bbdefault\u00bb global_colors_info=\u00bb{}\u00bb][et_pb_image src=\u00bbhttps:\/\/alianzanorte.org\/wp-content\/uploads\/2020\/08\/logo-ian-kids.png\u00bb title_text=\u00bblogo-ian-kids\u00bb align=\u00bbcenter\u00bb show_bottom_space_tablet=\u00bb\u00bb show_bottom_space_phone=\u00bb\u00bb show_bottom_space_last_edited=\u00bbon|phone\u00bb _builder_version=\u00bb4.16&#8243; _module_preset=\u00bbdefault\u00bb width=\u00bb100%\u00bb custom_margin=\u00bb-12px||||false|false\u00bb global_colors_info=\u00bb{}\u00bb][\/et_pb_image][\/et_pb_column_inner][et_pb_column_inner type=\u00bb1_2&#8243; saved_specialty_column_type=\u00bb1_2&#8243; _builder_version=\u00bb4.16&#8243; _module_preset=\u00bbdefault\u00bb global_colors_info=\u00bb{}\u00bb][et_pb_text content_tablet=\u00bb<\/p>\n<p style=%22text-align: center;%22>4 A 11 A\u00d1OS<\/p>\n<p>\u00bb content_phone=\u00bb<\/p>\n<p style=%22text-align: center;%22>4 A 11 A\u00d1OS<\/p>\n<p>\u00bb content_last_edited=\u00bbon|phone\u00bb _builder_version=\u00bb4.16&#8243; _module_preset=\u00bbdefault\u00bb text_font=\u00bbAnnie Use Your Telescope|700|||||||\u00bb text_text_color=\u00bb#8300e9&#8243; text_font_size=\u00bb40px\u00bb text_line_height=\u00bb1em\u00bb custom_margin=\u00bb12px|||-29px|false|false\u00bb custom_margin_tablet=\u00bb\u00bb custom_margin_phone=\u00bb-1px|||0px|false|false\u00bb custom_margin_last_edited=\u00bbon|phone\u00bb global_colors_info=\u00bb{}\u00bb]<\/p>\n<p>4 A 11 A\u00d1OS<\/p>\n<p>[\/et_pb_text][\/et_pb_column_inner][\/et_pb_row_inner][\/et_pb_column][et_pb_column type=\u00bb1_2&#8243; _builder_version=\u00bb4.16&#8243; custom_padding=\u00bb|||\u00bb global_colors_info=\u00bb{}\u00bb custom_padding__hover=\u00bb|||\u00bb][et_pb_image src=\u00bbhttps:\/\/alianzanorte.org\/wp-content\/uploads\/2021\/02\/JESUS.png\u00bb title_text=\u00bbJESUS\u00bb _builder_version=\u00bb4.16&#8243; _module_preset=\u00bbdefault\u00bb width=\u00bb75%\u00bb module_alignment=\u00bbcenter\u00bb global_colors_info=\u00bb{}\u00bb][\/et_pb_image][\/et_pb_column][\/et_pb_section][et_pb_section fb_built=\u00bb1&#8243; _builder_version=\u00bb4.16&#8243; _module_preset=\u00bbdefault\u00bb custom_margin=\u00bb17px||||false|false\u00bb custom_padding=\u00bb2px|||||\u00bb global_colors_info=\u00bb{}\u00bb][et_pb_row column_structure=\u00bb1_2,1_2&#8243; _builder_version=\u00bb4.16&#8243; _module_preset=\u00bbdefault\u00bb background_color=\u00bb#ff007d\u00bb custom_padding=\u00bb40px|||||\u00bb global_colors_info=\u00bb{}\u00bb][et_pb_column type=\u00bb1_2&#8243; _builder_version=\u00bb4.16&#8243; _module_preset=\u00bbdefault\u00bb global_colors_info=\u00bb{}\u00bb][et_pb_text _builder_version=\u00bb4.19.5&#8243; _module_preset=\u00bbdefault\u00bb text_font=\u00bbAnnie Use Your Telescope|700|||||||\u00bb text_text_color=\u00bb#ffffff\u00bb text_font_size=\u00bb29px\u00bb text_line_height=\u00bb1em\u00bb global_colors_info=\u00bb{}\u00bb]<\/p>\n<p style=\"text-align: center;\">HORARIOS DEL CULTO INFANTIL<\/p>\n<p>[\/et_pb_text][\/et_pb_column][et_pb_column type=\u00bb1_2&#8243; _builder_version=\u00bb4.16&#8243; _module_preset=\u00bbdefault\u00bb global_colors_info=\u00bb{}\u00bb][et_pb_text content_tablet=\u00bb\u00bb content_phone=\u00bb<\/p>\n<p style=%22text-align: center;%22><span>info@alianzanorte.org<\/span><\/p>\n<p>\u00bb content_last_edited=\u00bbon|phone\u00bb _builder_version=\u00bb4.19.5&#8243; _module_preset=\u00bbdefault\u00bb text_font=\u00bbAnnie Use Your Telescope|700|||||||\u00bb text_text_color=\u00bb#ffffff\u00bb text_font_size=\u00bb29px\u00bb text_line_height=\u00bb1em\u00bb custom_margin_tablet=\u00bb\u00bb custom_margin_phone=\u00bb-15px||||false|false\u00bb custom_margin_last_edited=\u00bbon|phone\u00bb global_colors_info=\u00bb{}\u00bb content__hover_enabled=\u00bbon|desktop\u00bb content__hover=\u00bb<\/p>\n<p style=%22text-align: left;%22>domingo en los 3 cultos: 08:00, 10:00 y 11:45 de la ma\u00f1ana<\/p>\n<p>\u00ab]<\/p>\n<p style=\"text-align: left;\">domingo en los 4 cultos: 08:00 am, 09h20 am, 11h00 am y 12:40 pm<\/p>\n<p>[\/et_pb_text][\/et_pb_column][\/et_pb_row][\/et_pb_section][et_pb_section fb_built=\u00bb1&#8243; _builder_version=\u00bb4.16&#8243; _module_preset=\u00bbdefault\u00bb background_color=\u00bb#8300e9&#8243; custom_padding=\u00bb35px||14px|||\u00bb global_colors_info=\u00bb{}\u00bb][et_pb_row _builder_version=\u00bb4.16&#8243; _module_preset=\u00bbdefault\u00bb custom_padding=\u00bb||44px|||\u00bb global_colors_info=\u00bb{}\u00bb][et_pb_column type=\u00bb4_4&#8243; _builder_version=\u00bb4.16&#8243; _module_preset=\u00bbdefault\u00bb global_colors_info=\u00bb{}\u00bb][et_pb_video src=\u00bbhttps:\/\/www.youtube.com\/watch?v=z_SFhX7NNic&#038;list=PLZkhEk9JsM8vDvLc_RBQDwz-63gdCfK6X\u00bb _builder_version=\u00bb4.16&#8243; _module_preset=\u00bbdefault\u00bb animation_direction=\u00bbleft\u00bb global_colors_info=\u00bb{}\u00bb][\/et_pb_video][\/et_pb_column][\/et_pb_row][et_pb_row column_structure=\u00bb3_5,2_5&#8243; _builder_version=\u00bb4.16&#8243; _module_preset=\u00bbdefault\u00bb background_color=\u00bbgcid-5c020fc9-e843-4f2e-8b35-05e08e093602&#8243; custom_margin_tablet=\u00bb\u00bb custom_margin_phone=\u00bb-20px||||false|false\u00bb custom_margin_last_edited=\u00bbon|phone\u00bb global_colors_info=\u00bb{%22gcid-5c020fc9-e843-4f2e-8b35-05e08e093602%22:%91%22background_color%22%93}\u00bb][et_pb_column type=\u00bb3_5&#8243; _builder_version=\u00bb4.16&#8243; _module_preset=\u00bbdefault\u00bb global_colors_info=\u00bb{}\u00bb][et_pb_text content_tablet=\u00bb<\/p>\n<p>S\u00edguenos en nuestro grupo de Facebook<\/p>\n<p>\u00bb content_phone=\u00bb<\/p>\n<p style=%22text-align: center;%22>S\u00edguenos en nuestro grupo de Facebook<\/p>\n<p>\u00bb content_last_edited=\u00bbon|tablet\u00bb _builder_version=\u00bb4.16&#8243; _module_preset=\u00bbdefault\u00bb text_font=\u00bb|700|||||||\u00bb text_text_color=\u00bb#ffffff\u00bb text_font_size=\u00bb17px\u00bb text_line_height=\u00bb1.3em\u00bb custom_margin=\u00bb24px||28px|39px|false|false\u00bb custom_margin_tablet=\u00bb\u00bb custom_margin_phone=\u00bb0px|30px|0px|30px|false|false\u00bb custom_margin_last_edited=\u00bbon|phone\u00bb text_font_size_tablet=\u00bb26px\u00bb text_font_size_phone=\u00bb30px\u00bb text_font_size_last_edited=\u00bbon|phone\u00bb global_colors_info=\u00bb{}\u00bb]Papitos les invitamos a que sus hijos sean parte de la Iglesia Infantil, as\u00ed sus generaciones seguir\u00e1n creciendo  espiritualmente, siendo  activos en el evangelio del Se\u00f1or[\/et_pb_text][\/et_pb_column][et_pb_column type=\u00bb2_5&#8243; _builder_version=\u00bb4.16&#8243; _module_preset=\u00bbdefault\u00bb global_colors_info=\u00bb{}\u00bb][et_pb_button button_url=\u00bbhttps:\/\/wa.me\/593991360393&#8243; url_new_window=\u00bbon\u00bb button_text=\u00bbEscr\u00edbenos por aqu\u00ed\u00bb button_alignment=\u00bbleft\u00bb button_alignment_tablet=\u00bbcenter\u00bb button_alignment_phone=\u00bbcenter\u00bb button_alignment_last_edited=\u00bbon|tablet\u00bb _builder_version=\u00bb4.19.5&#8243; _module_preset=\u00bb8d98a695-9887-4885-b43f-8822ee60db69&#8243; custom_button=\u00bbon\u00bb button_text_color=\u00bbgcid-5c020fc9-e843-4f2e-8b35-05e08e093602&#8243; button_bg_color=\u00bbgcid-d4ea73e7-edb2-4a1a-987a-99a57fd6295a\u00bb button_border_color=\u00bbrgba(0,0,0,0)\u00bb button_icon=\u00bb&#x4c;||divi||400&#8243; custom_margin=\u00bb18px||||false|false\u00bb custom_padding=\u00bb||||false|false\u00bb locked=\u00bboff\u00bb global_colors_info=\u00bb{%22gcid-d4ea73e7-edb2-4a1a-987a-99a57fd6295a%22:%91%22button_bg_color%22%93,%22gcid-5c020fc9-e843-4f2e-8b35-05e08e093602%22:%91%22button_text_color%22%93}\u00bb][\/et_pb_button][\/et_pb_column][\/et_pb_row][et_pb_row _builder_version=\u00bb4.16&#8243; _module_preset=\u00bbdefault\u00bb custom_padding=\u00bb||0px|||\u00bb global_colors_info=\u00bb{}\u00bb][et_pb_column type=\u00bb4_4&#8243; _builder_version=\u00bb4.16&#8243; _module_preset=\u00bbdefault\u00bb global_colors_info=\u00bb{}\u00bb][et_pb_button button_url=\u00bb@ET-DC@eyJkeW5hbWljIjp0cnVlLCJjb250ZW50IjoicG9zdF9saW5rX3VybF9wYWdlIiwic2V0dGluZ3MiOnsicG9zdF9pZCI6IjE1MzEifX0=@\u00bb button_text=\u00bbDonar\u00bb button_alignment=\u00bbleft\u00bb module_class=\u00bbpopmake-1669&#8243; _builder_version=\u00bb4.13.0&#8243; _dynamic_attributes=\u00bbbutton_url\u00bb _module_preset=\u00bbdefault\u00bb custom_button=\u00bbon\u00bb button_text_color=\u00bb#ffffff\u00bb button_bg_color=\u00bb#0c71c3&#8243; button_border_color=\u00bb#ffffff\u00bb button_border_radius=\u00bb46px\u00bb button_icon=\u00bb&#xe089;||divi||400&#8243; position_origin_f=\u00bbbottom_left\u00bb vertical_offset=\u00bb109px\u00bb horizontal_offset=\u00bb16px\u00bb z_index=\u00bb274&#8243; vertical_offset_tablet=\u00bb\u00bb vertical_offset_phone=\u00bb91px\u00bb vertical_offset_last_edited=\u00bbon|phone\u00bb position_origin_a_tablet=\u00bb\u00bb position_origin_a_phone=\u00bb\u00bb position_origin_a_last_edited=\u00bbon|phone\u00bb position_origin_f_tablet=\u00bb\u00bb position_origin_f_phone=\u00bb\u00bb position_origin_f_last_edited=\u00bbon|desktop\u00bb position_origin_r_tablet=\u00bb\u00bb position_origin_r_phone=\u00bb\u00bb position_origin_r_last_edited=\u00bbon|phone\u00bb custom_margin=\u00bb|||-138px|false|false\u00bb custom_margin_tablet=\u00bb|||-43px|false|false\u00bb custom_margin_phone=\u00bb|||-26px|false|false\u00bb custom_margin_last_edited=\u00bbon|phone\u00bb sticky_position=\u00bbtop_bottom\u00bb sticky_offset_bottom=\u00bb43px\u00bb sticky_limit_bottom=\u00bbcolumn\u00bb button_text_size_tablet=\u00bb\u00bb button_text_size_phone=\u00bb14px\u00bb button_text_size_last_edited=\u00bbon|tablet\u00bb positioning_tablet=\u00bb\u00bb positioning_phone=\u00bb\u00bb positioning_last_edited=\u00bbon|phone\u00bb global_module=\u00bb233&#8243; global_colors_info=\u00bb{}\u00bb][\/et_pb_button][\/et_pb_column][\/et_pb_row][et_pb_row _builder_version=\u00bb4.16&#8243; _module_preset=\u00bbdefault\u00bb z_index=\u00bb246&#8243; custom_margin=\u00bb-61px|auto||auto||\u00bb custom_padding=\u00bb||5px|||\u00bb locked=\u00bboff\u00bb global_colors_info=\u00bb{}\u00bb][et_pb_column type=\u00bb4_4&#8243; _builder_version=\u00bb4.16&#8243; _module_preset=\u00bbdefault\u00bb global_colors_info=\u00bb{}\u00bb][et_pb_button button_url=\u00bb@ET-DC@eyJkeW5hbWljIjp0cnVlLCJjb250ZW50IjoicG9zdF9saW5rX3VybF9wYWdlIiwic2V0dGluZ3MiOnsicG9zdF9pZCI6IjgzNyJ9fQ==@\u00bb button_text=\u00bbOraci\u00f3n\u00bb button_text_tablet=\u00bb\u00bb button_text_phone=\u00bbOracion\u00bb button_text_last_edited=\u00bbon|phone\u00bb _builder_version=\u00bb4.13.0&#8243; _dynamic_attributes=\u00bbbutton_url\u00bb _module_preset=\u00bbdefault\u00bb custom_button=\u00bbon\u00bb button_text_color=\u00bb#ffffff\u00bb button_bg_color=\u00bb#e09900&#8243; button_border_color=\u00bb#ffffff\u00bb button_border_radius=\u00bb46px\u00bb button_icon=\u00bb&#xe08b;||divi||400&#8243; button_icon_color=\u00bb#ffffff\u00bb positioning=\u00bbfixed\u00bb position_origin_f=\u00bbtop_right\u00bb vertical_offset=\u00bb91px\u00bb horizontal_offset=\u00bb29px\u00bb z_index=\u00bb178&#8243; custom_margin_tablet=\u00bb\u00bb custom_margin_phone=\u00bb|-15px|||false|false\u00bb custom_margin_last_edited=\u00bbon|phone\u00bb button_text_size_tablet=\u00bb\u00bb button_text_size_phone=\u00bb14px\u00bb button_text_size_last_edited=\u00bbon|tablet\u00bb global_module=\u00bb1037&#8243; saved_tabs=\u00bball\u00bb global_colors_info=\u00bb{}\u00bb][\/et_pb_button][\/et_pb_column][\/et_pb_row][\/et_pb_section]<\/p>\n","protected":false},"excerpt":{"rendered":"<p>Iglesia InfantilLa iglesia Infantil de la IAN, tiene como visi\u00f3n, formar en los ni\u00f1os y ni\u00f1as el car\u00e1cter de Cristo en sus vidas, permitiendo que cada ni\u00f1o y ni\u00f1a reciban la salvaci\u00f3n por medio de Jesucristo y more el Esp\u00edritu Santo en sus vidas, dando fruto, aplicando las ense\u00f1anzas de la Palabra de Dios, para [&hellip;]<\/p>\n","protected":false},"author":1,"featured_media":0,"parent":0,"menu_order":0,"comment_status":"closed","ping_status":"closed","template":"","meta":{"_et_pb_use_builder":"on","_et_pb_old_content":"","_et_gb_content_width":"","footnotes":""},"class_list":["post-549","page","type-page","status-publish","hentry"],"_links":{"self":[{"href":"https:\/\/alianzanorte.org\/index.php\/wp-json\/wp\/v2\/pages\/549","targetHints":{"allow":["GET"]}}],"collection":[{"href":"https:\/\/alianzanorte.org\/index.php\/wp-json\/wp\/v2\/pages"}],"about":[{"href":"https:\/\/alianzanorte.org\/index.php\/wp-json\/wp\/v2\/types\/page"}],"author":[{"embeddable":true,"href":"https:\/\/alianzanorte.org\/index.php\/wp-json\/wp\/v2\/users\/1"}],"replies":[{"embeddable":true,"href":"https:\/\/alianzanorte.org\/index.php\/wp-json\/wp\/v2\/comments?post=549"}],"version-history":[{"count":50,"href":"https:\/\/alianzanorte.org\/index.php\/wp-json\/wp\/v2\/pages\/549\/revisions"}],"predecessor-version":[{"id":2236,"href":"https:\/\/alianzanorte.org\/index.php\/wp-json\/wp\/v2\/pages\/549\/revisions\/2236"}],"wp:attachment":[{"href":"https:\/\/alianzanorte.org\/index.php\/wp-json\/wp\/v2\/media?parent=549"}],"curies":[{"name":"wp","href":"https:\/\/api.w.org\/{rel}","templated":true}]}}